{"version":"1.0","provider_name":"R\u00fabrica Farma","provider_url":"https:\/\/rubricafarma.com\/ca","author_name":"ltw","author_url":"https:\/\/rubricafarma.com\/ca\/author\/ltw","title":"Horari de la farm\u00e0cia... motiu de disputa?","type":"rich","width":600,"height":338,"html":"<blockquote class=\"wp-embedded-content\" data-secret=\"VujshoAFT7\"><a href=\"https:\/\/rubricafarma.com\/ca\/blog-ca\/horari-de-la-farmacia-motiu-de-disputa\">Horari de la farm\u00e0cia&#8230; motiu de disputa?<\/a><\/blockquote><iframe sandbox=\"allow-scripts\" security=\"restricted\" src=\"https:\/\/rubricafarma.com\/ca\/blog-ca\/horari-de-la-farmacia-motiu-de-disputa\/embed#?secret=VujshoAFT7\" width=\"600\" height=\"338\" title=\"&#8220;Horari de la farm\u00e0cia&#8230; motiu de disputa?&#8221; &#8212; R\u00fabrica Farma\" data-secret=\"VujshoAFT7\" frameborder=\"0\" marginwidth=\"0\" marginheight=\"0\" scrolling=\"no\" class=\"wp-embedded-content\"><\/iframe><script>\n\/*! This file is auto-generated *\/\n!function(d,l){\"use strict\";l.querySelector&&d.addEventListener&&\"undefined\"!=typeof URL&&(d.wp=d.wp||{},d.wp.receiveEmbedMessage||(d.wp.receiveEmbedMessage=function(e){var t=e.data;if((t||t.secret||t.message||t.value)&&!\/[^a-zA-Z0-9]\/.test(t.secret)){for(var s,r,n,a=l.querySelectorAll('iframe[data-secret=\"'+t.secret+'\"]'),o=l.querySelectorAll('blockquote[data-secret=\"'+t.secret+'\"]'),c=new RegExp(\"^https?:$\",\"i\"),i=0;i<o.length;i++)o[i].style.display=\"none\";for(i=0;i<a.length;i++)s=a[i],e.source===s.contentWindow&&(s.removeAttribute(\"style\"),\"height\"===t.message?(1e3<(r=parseInt(t.value,10))?r=1e3:~~r<200&&(r=200),s.height=r):\"link\"===t.message&&(r=new URL(s.getAttribute(\"src\")),n=new URL(t.value),c.test(n.protocol))&&n.host===r.host&&l.activeElement===s&&(d.top.location.href=t.value))}},d.addEventListener(\"message\",d.wp.receiveEmbedMessage,!1),l.addEventListener(\"DOMContentLoaded\",function(){for(var e,t,s=l.querySelectorAll(\"iframe.wp-embedded-content\"),r=0;r<s.length;r++)(t=(e=s[r]).getAttribute(\"data-secret\"))||(t=Math.random().toString(36).substring(2,12),e.src+=\"#?secret=\"+t,e.setAttribute(\"data-secret\",t)),e.contentWindow.postMessage({message:\"ready\",secret:t},\"*\")},!1)))}(window,document);\n\/\/# sourceURL=https:\/\/rubricafarma.com\/wp-includes\/js\/wp-embed.min.js\n<\/script>\n","thumbnail_url":"https:\/\/rubricafarma.com\/wp-content\/uploads\/2022\/11\/iStock-1316268689-2-scaled-1.jpg","thumbnail_width":2560,"thumbnail_height":1920,"description":"Entre el titular d\u2019una farm\u00e0cia i els seus treballadors poden donar-se alguns temes en els quals hi hagi una certa disparitat d\u2019opinions: l\u2019horari de la farm\u00e0cia pot ser un d\u2019ells. En aquest sentit, els Convenis Col\u00b7lectius Provincials s\u00f3n els que establiran les jornades de treball ordin\u00e0ries m\u00e0ximes (P.e 1.804 h\/anuals Segons conveni de Barcelona, 1782 [&hellip;]"}